{"id":1076,"date":"2024-02-15T16:04:08","date_gmt":"2024-02-15T15:04:08","guid":{"rendered":"https:\/\/www.swissprivateschoolregister.com\/organization\/"},"modified":"2024-07-22T22:43:15","modified_gmt":"2024-07-22T20:43:15","slug":"organization","status":"publish","type":"page","link":"https:\/\/www.swissprivateschoolregister.com\/en\/organization\/","title":{"rendered":"Organization"},"content":{"rendered":"\t\t<div data-elementor-type=\"wp-page\" data-elementor-id=\"1076\" class=\"elementor elementor-1076 elementor-132\" data-elementor-post-type=\"page\">\n\t\t\t\t<div class=\"elementor-element elementor-element-b5670bf global--container-spacing e-flex e-con-boxed e-con e-parent\" data-id=\"b5670bf\" data-element_type=\"container\" data-e-type=\"container\">\n\t\t\t\t\t<div class=\"e-con-inner\">\n\t\t\t\t<div class=\"elementor-element elementor-element-a8e25cf elementor-widget elementor-widget-heading\" data-id=\"a8e25cf\" data-element_type=\"widget\" data-e-type=\"widget\" data-widget_type=\"heading.default\">\n\t\t\t\t<div class=\"elementor-widget-container\">\n\t\t\t\t\t<h2 class=\"elementor-heading-title elementor-size-default\">Organization<\/h2>\t\t\t\t<\/div>\n\t\t\t\t<\/div>\n\t\t\t\t<div class=\"elementor-element elementor-element-225d3e7 elementor-view-default elementor-widget elementor-widget-icon\" data-id=\"225d3e7\" data-element_type=\"widget\" data-e-type=\"widget\" data-widget_type=\"icon.default\">\n\t\t\t\t<div class=\"elementor-widget-container\">\n\t\t\t\t\t\t\t<div class=\"elementor-icon-wrapper\">\n\t\t\t<div class=\"elementor-icon\">\n\t\t\t<svg xmlns=\"http:\/\/www.w3.org\/2000\/svg\" width=\"116\" height=\"6\" viewBox=\"0 0 116 6\" fill=\"none\"><rect y=\"0.000610352\" width=\"6\" height=\"6\" rx=\"3\" fill=\"#6D8EB0\"><\/rect><rect x=\"16\" y=\"0.000610352\" width=\"6\" height=\"6\" rx=\"3\" fill=\"#6D8EB0\"><\/rect><rect x=\"32\" y=\"0.000610352\" width=\"6\" height=\"6\" rx=\"3\" fill=\"#6D8EB0\"><\/rect><rect x=\"48\" y=\"0.000610352\" width=\"6\" height=\"6\" rx=\"3\" fill=\"#6D8EB0\"><\/rect><rect x=\"62\" y=\"0.000610352\" width=\"6\" height=\"6\" rx=\"3\" fill=\"#6D8EB0\"><\/rect><rect x=\"78\" y=\"0.000610352\" width=\"6\" height=\"6\" rx=\"3\" fill=\"#6D8EB0\"><\/rect><rect x=\"94\" y=\"0.000610352\" width=\"6\" height=\"6\" rx=\"3\" fill=\"#6D8EB0\"><\/rect><rect x=\"110\" y=\"0.000610352\" width=\"6\" height=\"6\" rx=\"3\" fill=\"#6D8EB0\"><\/rect><\/svg>\t\t\t<\/div>\n\t\t<\/div>\n\t\t\t\t\t\t<\/div>\n\t\t\t\t<\/div>\n\t\t<div class=\"elementor-element elementor-element-beebb16 global--inner-wrapper-spacing e-flex e-con-boxed e-con e-child\" data-id=\"beebb16\" data-element_type=\"container\" data-e-type=\"container\">\n\t\t\t\t\t<div class=\"e-con-inner\">\n\t\t\t\t<div class=\"elementor-element elementor-element-8b8ef40 elementor-widget elementor-widget-text-editor\" data-id=\"8b8ef40\" data-element_type=\"widget\" data-e-type=\"widget\" data-widget_type=\"text-editor.default\">\n\t\t\t\t<div class=\"elementor-widget-container\">\n\t\t\t\t\t\t\t\t\t<p>On August 28, 2006, the <strong>Swiss Private School Register Foundation<\/strong> was established by the Association of Swiss Private Schools (FSPS) together with the leading associations of the Swiss economy. The purpose of this foundation is to protect the high reputation of Switzerland as a center of education and its private educational institutions.<\/p>\n<p>Until now, Swiss private schools have not been able to obtain accreditation and thus certify their trustworthiness at either federal or cantonal level due to the lack of a legal basis. The founding associations of the foundation have therefore decided to close this gap in the law on their own initiative and to establish a &#8220;Swiss Private School Register&#8221;. The leading Swiss business associations (Schweizerischer Gewerbeverband sgv, Schweizer Arbeitgeberverband SAV, economiesuisse, F\u00e9d\u00e9ration des Entreprises Romandes and Centre Patronal) support this intention and give the idea the desired credibility by taking over the majority of seats on the foundation board.<\/p>\n\t\t\t\t\t\t\t\t<\/div>\n\t\t\t\t<\/div>\n\t\t<div class=\"elementor-element elementor-element-6244764 e-grid e-con-full e-con e-child\" data-id=\"6244764\" data-element_type=\"container\" data-e-type=\"container\">\n\t\t\t\t<div class=\"elementor-element elementor-element-794172d grid-images wide elementor-widget elementor-widget-image\" data-id=\"794172d\" data-element_type=\"widget\" data-e-type=\"widget\" data-widget_type=\"image.default\">\n\t\t\t\t<div class=\"elementor-widget-container\">\n\t\t\t\t\t\t\t\t\t\t\t\t\t\t\t\t<a href=\"https:\/\/www.swiss-schools.ch\/\" target=\"_blank\">\n\t\t\t\t\t\t\t<img fetchpriority=\"high\" decoding=\"async\" width=\"790\" height=\"113\" src=\"https:\/\/www.swissprivateschoolregister.com\/wp-content\/uploads\/2024\/02\/logo_DE_large.png\" class=\"attachment-full size-full wp-image-1016\" alt=\"\" srcset=\"https:\/\/www.swissprivateschoolregister.com\/wp-content\/uploads\/2024\/02\/logo_DE_large.png 790w, https:\/\/www.swissprivateschoolregister.com\/wp-content\/uploads\/2024\/02\/logo_DE_large-300x43.png 300w, https:\/\/www.swissprivateschoolregister.com\/wp-content\/uploads\/2024\/02\/logo_DE_large-768x110.png 768w\" sizes=\"(max-width: 790px) 100vw, 790px\" \/>\t\t\t\t\t\t\t\t<\/a>\n\t\t\t\t\t\t\t\t\t\t\t\t\t\t\t<\/div>\n\t\t\t\t<\/div>\n\t\t\t\t<div class=\"elementor-element elementor-element-3136991 grid-images square elementor-widget elementor-widget-image\" data-id=\"3136991\" data-element_type=\"widget\" data-e-type=\"widget\" data-widget_type=\"image.default\">\n\t\t\t\t<div class=\"elementor-widget-container\">\n\t\t\t\t\t\t\t\t\t\t\t\t\t\t\t<img decoding=\"async\" width=\"1000\" height=\"1000\" src=\"https:\/\/www.swissprivateschoolregister.com\/wp-content\/uploads\/2024\/04\/web_logo_economiesuisse_PNG_RGB_1000x1000_transparent.png\" class=\"attachment-full size-full wp-image-1031\" alt=\"\" srcset=\"https:\/\/www.swissprivateschoolregister.com\/wp-content\/uploads\/2024\/04\/web_logo_economiesuisse_PNG_RGB_1000x1000_transparent.png 1000w, https:\/\/www.swissprivateschoolregister.com\/wp-content\/uploads\/2024\/04\/web_logo_economiesuisse_PNG_RGB_1000x1000_transparent-300x300.png 300w, https:\/\/www.swissprivateschoolregister.com\/wp-content\/uploads\/2024\/04\/web_logo_economiesuisse_PNG_RGB_1000x1000_transparent-150x150.png 150w, https:\/\/www.swissprivateschoolregister.com\/wp-content\/uploads\/2024\/04\/web_logo_economiesuisse_PNG_RGB_1000x1000_transparent-768x768.png 768w\" sizes=\"(max-width: 1000px) 100vw, 1000px\" \/>\t\t\t\t\t\t\t\t\t\t\t\t\t\t\t<\/div>\n\t\t\t\t<\/div>\n\t\t\t\t<div class=\"elementor-element elementor-element-461a444 grid-images elementor-widget elementor-widget-image\" data-id=\"461a444\" data-element_type=\"widget\" data-e-type=\"widget\" data-widget_type=\"image.default\">\n\t\t\t\t<div class=\"elementor-widget-container\">\n\t\t\t\t\t\t\t\t\t\t\t\t\t\t\t<img decoding=\"async\" width=\"1200\" height=\"240\" src=\"https:\/\/www.swissprivateschoolregister.com\/wp-content\/uploads\/2024\/04\/1200px-Sgv_Usam_Logo.svg.png\" class=\"attachment-full size-full wp-image-1037\" alt=\"\" srcset=\"https:\/\/www.swissprivateschoolregister.com\/wp-content\/uploads\/2024\/04\/1200px-Sgv_Usam_Logo.svg.png 1200w, https:\/\/www.swissprivateschoolregister.com\/wp-content\/uploads\/2024\/04\/1200px-Sgv_Usam_Logo.svg-300x60.png 300w, https:\/\/www.swissprivateschoolregister.com\/wp-content\/uploads\/2024\/04\/1200px-Sgv_Usam_Logo.svg-768x154.png 768w\" sizes=\"(max-width: 1200px) 100vw, 1200px\" \/>\t\t\t\t\t\t\t\t\t\t\t\t\t\t\t<\/div>\n\t\t\t\t<\/div>\n\t\t\t\t<div class=\"elementor-element elementor-element-b274552 grid-images elementor-widget elementor-widget-image\" data-id=\"b274552\" data-element_type=\"widget\" data-e-type=\"widget\" data-widget_type=\"image.default\">\n\t\t\t\t<div class=\"elementor-widget-container\">\n\t\t\t\t\t\t\t\t\t\t\t\t\t\t\t<img loading=\"lazy\" decoding=\"async\" width=\"1280\" height=\"510\" src=\"https:\/\/www.swissprivateschoolregister.com\/wp-content\/uploads\/2024\/04\/1280px-Logo_Schweizerischer_Arbeitgeberverband.svg.png\" class=\"attachment-full size-full wp-image-1034\" alt=\"\" srcset=\"https:\/\/www.swissprivateschoolregister.com\/wp-content\/uploads\/2024\/04\/1280px-Logo_Schweizerischer_Arbeitgeberverband.svg.png 1280w, https:\/\/www.swissprivateschoolregister.com\/wp-content\/uploads\/2024\/04\/1280px-Logo_Schweizerischer_Arbeitgeberverband.svg-300x120.png 300w, https:\/\/www.swissprivateschoolregister.com\/wp-content\/uploads\/2024\/04\/1280px-Logo_Schweizerischer_Arbeitgeberverband.svg-768x306.png 768w\" sizes=\"(max-width: 1280px) 100vw, 1280px\" \/>\t\t\t\t\t\t\t\t\t\t\t\t\t\t\t<\/div>\n\t\t\t\t<\/div>\n\t\t\t\t<div class=\"elementor-element elementor-element-3a78de9 grid-images elementor-widget elementor-widget-image\" data-id=\"3a78de9\" data-element_type=\"widget\" data-e-type=\"widget\" data-widget_type=\"image.default\">\n\t\t\t\t<div class=\"elementor-widget-container\">\n\t\t\t\t\t\t\t\t\t\t\t\t\t\t\t<img loading=\"lazy\" decoding=\"async\" width=\"800\" height=\"261\" src=\"https:\/\/www.swissprivateschoolregister.com\/wp-content\/uploads\/2024\/04\/logo-fer-suisse-romande.png\" class=\"attachment-full size-full wp-image-1028\" alt=\"\" srcset=\"https:\/\/www.swissprivateschoolregister.com\/wp-content\/uploads\/2024\/04\/logo-fer-suisse-romande.png 800w, https:\/\/www.swissprivateschoolregister.com\/wp-content\/uploads\/2024\/04\/logo-fer-suisse-romande-300x98.png 300w, https:\/\/www.swissprivateschoolregister.com\/wp-content\/uploads\/2024\/04\/logo-fer-suisse-romande-768x251.png 768w\" sizes=\"(max-width: 800px) 100vw, 800px\" \/>\t\t\t\t\t\t\t\t\t\t\t\t\t\t\t<\/div>\n\t\t\t\t<\/div>\n\t\t\t\t<div class=\"elementor-element elementor-element-e60e659 grid-images elementor-widget elementor-widget-image\" data-id=\"e60e659\" data-element_type=\"widget\" data-e-type=\"widget\" data-widget_type=\"image.default\">\n\t\t\t\t<div class=\"elementor-widget-container\">\n\t\t\t\t\t\t\t\t\t\t\t\t\t\t\t<img loading=\"lazy\" decoding=\"async\" width=\"360\" height=\"144\" src=\"https:\/\/www.swissprivateschoolregister.com\/wp-content\/uploads\/2024\/04\/logo_cp-2.png\" class=\"attachment-full size-full wp-image-1025\" alt=\"\" srcset=\"https:\/\/www.swissprivateschoolregister.com\/wp-content\/uploads\/2024\/04\/logo_cp-2.png 360w, https:\/\/www.swissprivateschoolregister.com\/wp-content\/uploads\/2024\/04\/logo_cp-2-300x120.png 300w\" sizes=\"(max-width: 360px) 100vw, 360px\" \/>\t\t\t\t\t\t\t\t\t\t\t\t\t\t\t<\/div>\n\t\t\t\t<\/div>\n\t\t\t\t<\/div>\n\t\t\t\t\t<\/div>\n\t\t\t\t<\/div>\n\t\t\t\t\t<\/div>\n\t\t\t\t<\/div>\n\t\t<div class=\"elementor-element elementor-element-5c86ec3 global--container-spacing e-flex e-con-boxed e-con e-parent\" data-id=\"5c86ec3\" data-element_type=\"container\" data-e-type=\"container\">\n\t\t\t\t\t<div class=\"e-con-inner\">\n\t\t<div class=\"elementor-element elementor-element-4c9188e e-con-full e-flex e-con e-child\" data-id=\"4c9188e\" data-element_type=\"container\" data-e-type=\"container\">\n\t\t\t\t<div class=\"elementor-element elementor-element-864af42 elementor-widget elementor-widget-heading\" data-id=\"864af42\" data-element_type=\"widget\" data-e-type=\"widget\" data-widget_type=\"heading.default\">\n\t\t\t\t<div class=\"elementor-widget-container\">\n\t\t\t\t\t<h2 class=\"elementor-heading-title elementor-size-default\">Purpose of the foundation<\/h2>\t\t\t\t<\/div>\n\t\t\t\t<\/div>\n\t\t\t\t<div class=\"elementor-element elementor-element-ef2efa6 elementor-view-default elementor-widget elementor-widget-icon\" data-id=\"ef2efa6\" data-element_type=\"widget\" data-e-type=\"widget\" data-widget_type=\"icon.default\">\n\t\t\t\t<div class=\"elementor-widget-container\">\n\t\t\t\t\t\t\t<div class=\"elementor-icon-wrapper\">\n\t\t\t<div class=\"elementor-icon\">\n\t\t\t<svg xmlns=\"http:\/\/www.w3.org\/2000\/svg\" width=\"116\" height=\"6\" viewBox=\"0 0 116 6\" fill=\"none\"><rect y=\"0.000610352\" width=\"6\" height=\"6\" rx=\"3\" fill=\"#6D8EB0\"><\/rect><rect x=\"16\" y=\"0.000610352\" width=\"6\" height=\"6\" rx=\"3\" fill=\"#6D8EB0\"><\/rect><rect x=\"32\" y=\"0.000610352\" width=\"6\" height=\"6\" rx=\"3\" fill=\"#6D8EB0\"><\/rect><rect x=\"48\" y=\"0.000610352\" width=\"6\" height=\"6\" rx=\"3\" fill=\"#6D8EB0\"><\/rect><rect x=\"62\" y=\"0.000610352\" width=\"6\" height=\"6\" rx=\"3\" fill=\"#6D8EB0\"><\/rect><rect x=\"78\" y=\"0.000610352\" width=\"6\" height=\"6\" rx=\"3\" fill=\"#6D8EB0\"><\/rect><rect x=\"94\" y=\"0.000610352\" width=\"6\" height=\"6\" rx=\"3\" fill=\"#6D8EB0\"><\/rect><rect x=\"110\" y=\"0.000610352\" width=\"6\" height=\"6\" rx=\"3\" fill=\"#6D8EB0\"><\/rect><\/svg>\t\t\t<\/div>\n\t\t<\/div>\n\t\t\t\t\t\t<\/div>\n\t\t\t\t<\/div>\n\t\t\t\t<\/div>\n\t\t<div class=\"elementor-element elementor-element-0f33cf8 e-con-full e-grid global--inner-wrapper-spacing e-con e-child\" data-id=\"0f33cf8\" data-element_type=\"container\" data-e-type=\"container\">\n\t\t\t\t<div class=\"elementor-element elementor-element-47755ee elementor-widget elementor-widget-text-editor\" data-id=\"47755ee\" data-element_type=\"widget\" data-e-type=\"widget\" data-widget_type=\"text-editor.default\">\n\t\t\t\t<div class=\"elementor-widget-container\">\n\t\t\t\t\t\t\t\t\t<p>The <strong>purpose of the foundation is to create and maintain a register of private schools in Switzerland,<\/strong> which certifies the seriousness and trustworthiness of the registered schools and communicates this to interested parties.<\/p>\n\t\t\t\t\t\t\t\t<\/div>\n\t\t\t\t<\/div>\n\t\t\t\t<div class=\"elementor-element elementor-element-2d32e8c elementor-widget elementor-widget-text-editor\" data-id=\"2d32e8c\" data-element_type=\"widget\" data-e-type=\"widget\" data-widget_type=\"text-editor.default\">\n\t\t\t\t<div class=\"elementor-widget-container\">\n\t\t\t\t\t\t\t\t\t<p>The Foundation serves <strong>the migration authorities, the public and third parties<\/strong> interested in educational services as an important orientation and information platform for quality-conscious private schools. <\/p>\n\t\t\t\t\t\t\t\t<\/div>\n\t\t\t\t<\/div>\n\t\t\t\t<div class=\"elementor-element elementor-element-adffcf8 elementor-widget elementor-widget-text-editor\" data-id=\"adffcf8\" data-element_type=\"widget\" data-e-type=\"widget\" data-widget_type=\"text-editor.default\">\n\t\t\t\t<div class=\"elementor-widget-container\">\n\t\t\t\t\t\t\t\t\t<p><strong>The criteria and requirements<\/strong> for inclusion in the register are set out in separate regulations.<\/p>\n\t\t\t\t\t\t\t\t<\/div>\n\t\t\t\t<\/div>\n\t\t\t\t<div class=\"elementor-element elementor-element-79f38df elementor-widget elementor-widget-text-editor\" data-id=\"79f38df\" data-element_type=\"widget\" data-e-type=\"widget\" data-widget_type=\"text-editor.default\">\n\t\t\t\t<div class=\"elementor-widget-container\">\n\t\t\t\t\t\t\t\t\t<p>The Foundation also acts as a <strong>contact and information point for domestic and foreign students<\/strong> in the event of problems with schools entered in the register.<\/p>\n\t\t\t\t\t\t\t\t<\/div>\n\t\t\t\t<\/div>\n\t\t\t\t<div class=\"elementor-element elementor-element-aea566f elementor-widget elementor-widget-text-editor\" data-id=\"aea566f\" data-element_type=\"widget\" data-e-type=\"widget\" data-widget_type=\"text-editor.default\">\n\t\t\t\t<div class=\"elementor-widget-container\">\n\t\t\t\t\t\t\t\t\t<p>The Foundation also aims to <strong>protect the high reputation of Switzerland as a center of education<\/strong> and of private educational institutions.<\/p>\n\t\t\t\t\t\t\t\t<\/div>\n\t\t\t\t<\/div>\n\t\t\t\t<div class=\"elementor-element elementor-element-3625a9c elementor-widget elementor-widget-text-editor\" data-id=\"3625a9c\" data-element_type=\"widget\" data-e-type=\"widget\" data-widget_type=\"text-editor.default\">\n\t\t\t\t<div class=\"elementor-widget-container\">\n\t\t\t\t\t\t\t\t\t<p>As an <strong>interested school<\/strong> you will find a wealth of information on this website about registration requirements, the benefits of registration and other important aspects of the Swiss Private School Register, and as a <strong>student or parent<\/strong> you can check whether a particular educational institution can be classified as trustworthy.<\/p>\n\t\t\t\t\t\t\t\t<\/div>\n\t\t\t\t<\/div>\n\t\t\t\t<\/div>\n\t\t\t\t\t<\/div>\n\t\t\t\t<\/div>\n\t\t<div class=\"elementor-element elementor-element-365ab37 global--container-spacing e-flex e-con-boxed e-con e-parent\" data-id=\"365ab37\" data-element_type=\"container\" data-e-type=\"container\">\n\t\t\t\t\t<div class=\"e-con-inner\">\n\t\t\t\t<div class=\"elementor-element elementor-element-d4a004a elementor-widget elementor-widget-heading\" data-id=\"d4a004a\" data-element_type=\"widget\" data-e-type=\"widget\" data-widget_type=\"heading.default\">\n\t\t\t\t<div class=\"elementor-widget-container\">\n\t\t\t\t\t<h2 class=\"elementor-heading-title elementor-size-default\">Board of Trustees<\/h2>\t\t\t\t<\/div>\n\t\t\t\t<\/div>\n\t\t\t\t<div class=\"elementor-element elementor-element-d702ee6 elementor-view-default elementor-widget elementor-widget-icon\" data-id=\"d702ee6\" data-element_type=\"widget\" data-e-type=\"widget\" data-widget_type=\"icon.default\">\n\t\t\t\t<div class=\"elementor-widget-container\">\n\t\t\t\t\t\t\t<div class=\"elementor-icon-wrapper\">\n\t\t\t<div class=\"elementor-icon\">\n\t\t\t<svg xmlns=\"http:\/\/www.w3.org\/2000\/svg\" width=\"116\" height=\"6\" viewBox=\"0 0 116 6\" fill=\"none\"><rect y=\"0.000610352\" width=\"6\" height=\"6\" rx=\"3\" fill=\"#6D8EB0\"><\/rect><rect x=\"16\" y=\"0.000610352\" width=\"6\" height=\"6\" rx=\"3\" fill=\"#6D8EB0\"><\/rect><rect x=\"32\" y=\"0.000610352\" width=\"6\" height=\"6\" rx=\"3\" fill=\"#6D8EB0\"><\/rect><rect x=\"48\" y=\"0.000610352\" width=\"6\" height=\"6\" rx=\"3\" fill=\"#6D8EB0\"><\/rect><rect x=\"62\" y=\"0.000610352\" width=\"6\" height=\"6\" rx=\"3\" fill=\"#6D8EB0\"><\/rect><rect x=\"78\" y=\"0.000610352\" width=\"6\" height=\"6\" rx=\"3\" fill=\"#6D8EB0\"><\/rect><rect x=\"94\" y=\"0.000610352\" width=\"6\" height=\"6\" rx=\"3\" fill=\"#6D8EB0\"><\/rect><rect x=\"110\" y=\"0.000610352\" width=\"6\" height=\"6\" rx=\"3\" fill=\"#6D8EB0\"><\/rect><\/svg>\t\t\t<\/div>\n\t\t<\/div>\n\t\t\t\t\t\t<\/div>\n\t\t\t\t<\/div>\n\t\t\t\t<div class=\"elementor-element elementor-element-d4dbc9a elementor-widget elementor-widget-text-editor\" data-id=\"d4dbc9a\" data-element_type=\"widget\" data-e-type=\"widget\" data-widget_type=\"text-editor.default\">\n\t\t\t\t<div class=\"elementor-widget-container\">\n\t\t\t\t\t\t\t\t\t<p>The Board of Trustees of the Swiss Private School Register Foundation is composed as follows:<\/p>\n<ul>\n<li>Norbert Foerster, representative of the Association of Swiss Private Schools<\/li>\n<li>Dieter Kl\u00e4y, representative of the Swiss Trade Association (President of the Foundation)<\/li>\n<li>In\u00e8s Kreuzer, representative of the F\u00e9d\u00e9ration des Entreprises Romandes<\/li>\n<li>Olivier Rau, Representative Centre Patronal<\/li>\n<\/ul>\n<p>The Board of Trustees is responsible for the administration and overall management of the Foundation. It has all powers that are not expressly assigned to another body in the foundation deed and the foundation&#8217;s regulations.<\/p>\n\t\t\t\t\t\t\t\t<\/div>\n\t\t\t\t<\/div>\n\t\t\t\t\t<\/div>\n\t\t\t\t<\/div>\n\t\t<div class=\"elementor-element elementor-element-a303fe0 global--container-spacing e-flex e-con-boxed e-con e-parent\" data-id=\"a303fe0\" data-element_type=\"container\" data-e-type=\"container\">\n\t\t\t\t\t<div class=\"e-con-inner\">\n\t\t\t\t<div class=\"elementor-element elementor-element-5704ea9 elementor-widget elementor-widget-heading\" data-id=\"5704ea9\" data-element_type=\"widget\" data-e-type=\"widget\" data-widget_type=\"heading.default\">\n\t\t\t\t<div class=\"elementor-widget-container\">\n\t\t\t\t\t<h2 class=\"elementor-heading-title elementor-size-default\">Supervisory authority<\/h2>\t\t\t\t<\/div>\n\t\t\t\t<\/div>\n\t\t\t\t<div class=\"elementor-element elementor-element-9c67fad elementor-view-default elementor-widget elementor-widget-icon\" data-id=\"9c67fad\" data-element_type=\"widget\" data-e-type=\"widget\" data-widget_type=\"icon.default\">\n\t\t\t\t<div class=\"elementor-widget-container\">\n\t\t\t\t\t\t\t<div class=\"elementor-icon-wrapper\">\n\t\t\t<div class=\"elementor-icon\">\n\t\t\t<svg xmlns=\"http:\/\/www.w3.org\/2000\/svg\" width=\"116\" height=\"6\" viewBox=\"0 0 116 6\" fill=\"none\"><rect y=\"0.000610352\" width=\"6\" height=\"6\" rx=\"3\" fill=\"#6D8EB0\"><\/rect><rect x=\"16\" y=\"0.000610352\" width=\"6\" height=\"6\" rx=\"3\" fill=\"#6D8EB0\"><\/rect><rect x=\"32\" y=\"0.000610352\" width=\"6\" height=\"6\" rx=\"3\" fill=\"#6D8EB0\"><\/rect><rect x=\"48\" y=\"0.000610352\" width=\"6\" height=\"6\" rx=\"3\" fill=\"#6D8EB0\"><\/rect><rect x=\"62\" y=\"0.000610352\" width=\"6\" height=\"6\" rx=\"3\" fill=\"#6D8EB0\"><\/rect><rect x=\"78\" y=\"0.000610352\" width=\"6\" height=\"6\" rx=\"3\" fill=\"#6D8EB0\"><\/rect><rect x=\"94\" y=\"0.000610352\" width=\"6\" height=\"6\" rx=\"3\" fill=\"#6D8EB0\"><\/rect><rect x=\"110\" y=\"0.000610352\" width=\"6\" height=\"6\" rx=\"3\" fill=\"#6D8EB0\"><\/rect><\/svg>\t\t\t<\/div>\n\t\t<\/div>\n\t\t\t\t\t\t<\/div>\n\t\t\t\t<\/div>\n\t\t<div class=\"elementor-element elementor-element-6ad5cbf e-con-full global--inner-wrapper-spacing e-flex e-con e-child\" data-id=\"6ad5cbf\" data-element_type=\"container\" data-e-type=\"container\">\n\t\t\t\t<div class=\"elementor-element elementor-element-7d8a485 elementor-widget elementor-widget-image\" data-id=\"7d8a485\" data-element_type=\"widget\" data-e-type=\"widget\" data-widget_type=\"image.default\">\n\t\t\t\t<div class=\"elementor-widget-container\">\n\t\t\t\t\t\t\t\t\t\t\t\t\t\t\t<img loading=\"lazy\" decoding=\"async\" width=\"459\" height=\"115\" src=\"https:\/\/www.swissprivateschoolregister.com\/wp-content\/uploads\/2024\/02\/logo.png\" class=\"attachment-full size-full wp-image-1022\" alt=\"\" srcset=\"https:\/\/www.swissprivateschoolregister.com\/wp-content\/uploads\/2024\/02\/logo.png 459w, https:\/\/www.swissprivateschoolregister.com\/wp-content\/uploads\/2024\/02\/logo-300x75.png 300w\" sizes=\"(max-width: 459px) 100vw, 459px\" \/>\t\t\t\t\t\t\t\t\t\t\t\t\t\t\t<\/div>\n\t\t\t\t<\/div>\n\t\t\t\t<div class=\"elementor-element elementor-element-2e2aedc elementor-widget elementor-widget-text-editor\" data-id=\"2e2aedc\" data-element_type=\"widget\" data-e-type=\"widget\" data-widget_type=\"text-editor.default\">\n\t\t\t\t<div class=\"elementor-widget-container\">\n\t\t\t\t\t\t\t\t\t<p>The Swiss Private School Register Foundation is subject to the supervision of the Federal Department of Home Affairs (FDHA).<\/p>\n<p><strong>Address:<\/strong><br \/>Swiss Federal Supervisory Board for Foundations<br \/>P.O. Box<br \/>1211 Geneva 26<\/p>\n<p>Tel. +41 58 469 00 00<br \/>stiftungsaufsicht@gs-edi.admin.ch<br \/><a href=\"https:\/\/www.edi.admin.ch\/edi\/de\/home\/fachstellen\/eidgenoessische-stiftungsaufsicht.html\">www.stiftungsaufsicht.ch<\/a><\/p>\n\t\t\t\t\t\t\t\t<\/div>\n\t\t\t\t<\/div>\n\t\t\t\t<\/div>\n\t\t\t\t\t<\/div>\n\t\t\t\t<\/div>\n\t\t\t\t<\/div>\n\t\t","protected":false},"excerpt":{"rendered":"<p>Organization On August 28, 2006, the Swiss Private School Register Foundation was established by the Association of Swiss Private Schools (FSPS) together with the leading associations of the Swiss economy. The purpose of this foundation is to protect the high reputation of Switzerland as a center of education and its private educational institutions. Until now, [&hellip;]<\/p>\n","protected":false},"author":1,"featured_media":0,"parent":0,"menu_order":0,"comment_status":"closed","ping_status":"closed","template":"","meta":{"_acf_changed":false,"footnotes":""},"class_list":["post-1076","page","type-page","status-publish","hentry"],"acf":[],"yoast_head":"<!-- This site is optimized with the Yoast SEO plugin v27.4 - https:\/\/yoast.com\/product\/yoast-seo-wordpress\/ -->\n<title>Organization<\/title>\n<meta name=\"robots\" content=\"index, follow, max-snippet:-1, max-image-preview:large, max-video-preview:-1\" \/>\n<link rel=\"canonical\" href=\"https:\/\/www.swissprivateschoolregister.com\/en\/organization\/\" \/>\n<meta property=\"og:locale\" content=\"en_US\" \/>\n<meta property=\"og:type\" content=\"article\" \/>\n<meta property=\"og:title\" content=\"Organization\" \/>\n<meta property=\"og:description\" content=\"Organization On August 28, 2006, the Swiss Private School Register Foundation was established by the Association of Swiss Private Schools (FSPS) together with the leading associations of the Swiss economy. The purpose of this foundation is to protect the high reputation of Switzerland as a center of education and its private educational institutions. Until now, [&hellip;]\" \/>\n<meta property=\"og:url\" content=\"https:\/\/www.swissprivateschoolregister.com\/en\/organization\/\" \/>\n<meta property=\"og:site_name\" content=\"Privatschulregister Schweiz\" \/>\n<meta property=\"article:modified_time\" content=\"2024-07-22T20:43:15+00:00\" \/>\n<meta property=\"og:image\" content=\"https:\/\/www.swissprivateschoolregister.com\/wp-content\/uploads\/2024\/02\/logo_DE_large.png\" \/>\n<meta name=\"twitter:card\" content=\"summary_large_image\" \/>\n<meta name=\"twitter:label1\" content=\"Est. reading time\" \/>\n\t<meta name=\"twitter:data1\" content=\"2 minutes\" \/>\n<script type=\"application\/ld+json\" class=\"yoast-schema-graph\">{\"@context\":\"https:\\\/\\\/schema.org\",\"@graph\":[{\"@type\":\"WebPage\",\"@id\":\"https:\\\/\\\/www.swissprivateschoolregister.com\\\/en\\\/organization\\\/\",\"url\":\"https:\\\/\\\/www.swissprivateschoolregister.com\\\/en\\\/organization\\\/\",\"name\":\"Organization\",\"isPartOf\":{\"@id\":\"https:\\\/\\\/www.swissprivateschoolregister.com\\\/en\\\/#website\"},\"primaryImageOfPage\":{\"@id\":\"https:\\\/\\\/www.swissprivateschoolregister.com\\\/en\\\/organization\\\/#primaryimage\"},\"image\":{\"@id\":\"https:\\\/\\\/www.swissprivateschoolregister.com\\\/en\\\/organization\\\/#primaryimage\"},\"thumbnailUrl\":\"https:\\\/\\\/www.swissprivateschoolregister.com\\\/wp-content\\\/uploads\\\/2024\\\/02\\\/logo_DE_large.png\",\"datePublished\":\"2024-02-15T15:04:08+00:00\",\"dateModified\":\"2024-07-22T20:43:15+00:00\",\"breadcrumb\":{\"@id\":\"https:\\\/\\\/www.swissprivateschoolregister.com\\\/en\\\/organization\\\/#breadcrumb\"},\"inLanguage\":\"en-US\",\"potentialAction\":[{\"@type\":\"ReadAction\",\"target\":[\"https:\\\/\\\/www.swissprivateschoolregister.com\\\/en\\\/organization\\\/\"]}]},{\"@type\":\"ImageObject\",\"inLanguage\":\"en-US\",\"@id\":\"https:\\\/\\\/www.swissprivateschoolregister.com\\\/en\\\/organization\\\/#primaryimage\",\"url\":\"https:\\\/\\\/www.swissprivateschoolregister.com\\\/wp-content\\\/uploads\\\/2024\\\/02\\\/logo_DE_large.png\",\"contentUrl\":\"https:\\\/\\\/www.swissprivateschoolregister.com\\\/wp-content\\\/uploads\\\/2024\\\/02\\\/logo_DE_large.png\"},{\"@type\":\"BreadcrumbList\",\"@id\":\"https:\\\/\\\/www.swissprivateschoolregister.com\\\/en\\\/organization\\\/#breadcrumb\",\"itemListElement\":[{\"@type\":\"ListItem\",\"position\":1,\"name\":\"Home\",\"item\":\"https:\\\/\\\/www.swissprivateschoolregister.com\\\/en\\\/home-homepage\\\/\"},{\"@type\":\"ListItem\",\"position\":2,\"name\":\"Organization\"}]},{\"@type\":\"WebSite\",\"@id\":\"https:\\\/\\\/www.swissprivateschoolregister.com\\\/en\\\/#website\",\"url\":\"https:\\\/\\\/www.swissprivateschoolregister.com\\\/en\\\/\",\"name\":\"Privatschulregister Schweiz\",\"description\":\"\",\"publisher\":{\"@id\":\"https:\\\/\\\/www.swissprivateschoolregister.com\\\/en\\\/#organization\"},\"potentialAction\":[{\"@type\":\"SearchAction\",\"target\":{\"@type\":\"EntryPoint\",\"urlTemplate\":\"https:\\\/\\\/www.swissprivateschoolregister.com\\\/en\\\/?s={search_term_string}\"},\"query-input\":{\"@type\":\"PropertyValueSpecification\",\"valueRequired\":true,\"valueName\":\"search_term_string\"}}],\"inLanguage\":\"en-US\"},{\"@type\":\"Organization\",\"@id\":\"https:\\\/\\\/www.swissprivateschoolregister.com\\\/en\\\/#organization\",\"name\":\"Privatschulregister Schweiz\",\"url\":\"https:\\\/\\\/www.swissprivateschoolregister.com\\\/en\\\/\",\"logo\":{\"@type\":\"ImageObject\",\"inLanguage\":\"en-US\",\"@id\":\"https:\\\/\\\/www.swissprivateschoolregister.com\\\/en\\\/#\\\/schema\\\/logo\\\/image\\\/\",\"url\":\"https:\\\/\\\/www.swissprivateschoolregister.com\\\/wp-content\\\/uploads\\\/2024\\\/02\\\/Logo-PSR_vektorisiert.png\",\"contentUrl\":\"https:\\\/\\\/www.swissprivateschoolregister.com\\\/wp-content\\\/uploads\\\/2024\\\/02\\\/Logo-PSR_vektorisiert.png\",\"width\":420,\"height\":298,\"caption\":\"Privatschulregister Schweiz\"},\"image\":{\"@id\":\"https:\\\/\\\/www.swissprivateschoolregister.com\\\/en\\\/#\\\/schema\\\/logo\\\/image\\\/\"}}]}<\/script>\n<!-- \/ Yoast SEO plugin. -->","yoast_head_json":{"title":"Organization","robots":{"index":"index","follow":"follow","max-snippet":"max-snippet:-1","max-image-preview":"max-image-preview:large","max-video-preview":"max-video-preview:-1"},"canonical":"https:\/\/www.swissprivateschoolregister.com\/en\/organization\/","og_locale":"en_US","og_type":"article","og_title":"Organization","og_description":"Organization On August 28, 2006, the Swiss Private School Register Foundation was established by the Association of Swiss Private Schools (FSPS) together with the leading associations of the Swiss economy. The purpose of this foundation is to protect the high reputation of Switzerland as a center of education and its private educational institutions. Until now, [&hellip;]","og_url":"https:\/\/www.swissprivateschoolregister.com\/en\/organization\/","og_site_name":"Privatschulregister Schweiz","article_modified_time":"2024-07-22T20:43:15+00:00","og_image":[{"url":"https:\/\/www.swissprivateschoolregister.com\/wp-content\/uploads\/2024\/02\/logo_DE_large.png","type":"","width":"","height":""}],"twitter_card":"summary_large_image","twitter_misc":{"Est. reading time":"2 minutes"},"schema":{"@context":"https:\/\/schema.org","@graph":[{"@type":"WebPage","@id":"https:\/\/www.swissprivateschoolregister.com\/en\/organization\/","url":"https:\/\/www.swissprivateschoolregister.com\/en\/organization\/","name":"Organization","isPartOf":{"@id":"https:\/\/www.swissprivateschoolregister.com\/en\/#website"},"primaryImageOfPage":{"@id":"https:\/\/www.swissprivateschoolregister.com\/en\/organization\/#primaryimage"},"image":{"@id":"https:\/\/www.swissprivateschoolregister.com\/en\/organization\/#primaryimage"},"thumbnailUrl":"https:\/\/www.swissprivateschoolregister.com\/wp-content\/uploads\/2024\/02\/logo_DE_large.png","datePublished":"2024-02-15T15:04:08+00:00","dateModified":"2024-07-22T20:43:15+00:00","breadcrumb":{"@id":"https:\/\/www.swissprivateschoolregister.com\/en\/organization\/#breadcrumb"},"inLanguage":"en-US","potentialAction":[{"@type":"ReadAction","target":["https:\/\/www.swissprivateschoolregister.com\/en\/organization\/"]}]},{"@type":"ImageObject","inLanguage":"en-US","@id":"https:\/\/www.swissprivateschoolregister.com\/en\/organization\/#primaryimage","url":"https:\/\/www.swissprivateschoolregister.com\/wp-content\/uploads\/2024\/02\/logo_DE_large.png","contentUrl":"https:\/\/www.swissprivateschoolregister.com\/wp-content\/uploads\/2024\/02\/logo_DE_large.png"},{"@type":"BreadcrumbList","@id":"https:\/\/www.swissprivateschoolregister.com\/en\/organization\/#breadcrumb","itemListElement":[{"@type":"ListItem","position":1,"name":"Home","item":"https:\/\/www.swissprivateschoolregister.com\/en\/home-homepage\/"},{"@type":"ListItem","position":2,"name":"Organization"}]},{"@type":"WebSite","@id":"https:\/\/www.swissprivateschoolregister.com\/en\/#website","url":"https:\/\/www.swissprivateschoolregister.com\/en\/","name":"Privatschulregister Schweiz","description":"","publisher":{"@id":"https:\/\/www.swissprivateschoolregister.com\/en\/#organization"},"potentialAction":[{"@type":"SearchAction","target":{"@type":"EntryPoint","urlTemplate":"https:\/\/www.swissprivateschoolregister.com\/en\/?s={search_term_string}"},"query-input":{"@type":"PropertyValueSpecification","valueRequired":true,"valueName":"search_term_string"}}],"inLanguage":"en-US"},{"@type":"Organization","@id":"https:\/\/www.swissprivateschoolregister.com\/en\/#organization","name":"Privatschulregister Schweiz","url":"https:\/\/www.swissprivateschoolregister.com\/en\/","logo":{"@type":"ImageObject","inLanguage":"en-US","@id":"https:\/\/www.swissprivateschoolregister.com\/en\/#\/schema\/logo\/image\/","url":"https:\/\/www.swissprivateschoolregister.com\/wp-content\/uploads\/2024\/02\/Logo-PSR_vektorisiert.png","contentUrl":"https:\/\/www.swissprivateschoolregister.com\/wp-content\/uploads\/2024\/02\/Logo-PSR_vektorisiert.png","width":420,"height":298,"caption":"Privatschulregister Schweiz"},"image":{"@id":"https:\/\/www.swissprivateschoolregister.com\/en\/#\/schema\/logo\/image\/"}}]}},"_links":{"self":[{"href":"https:\/\/www.swissprivateschoolregister.com\/en\/wp-json\/wp\/v2\/pages\/1076","targetHints":{"allow":["GET"]}}],"collection":[{"href":"https:\/\/www.swissprivateschoolregister.com\/en\/wp-json\/wp\/v2\/pages"}],"about":[{"href":"https:\/\/www.swissprivateschoolregister.com\/en\/wp-json\/wp\/v2\/types\/page"}],"author":[{"embeddable":true,"href":"https:\/\/www.swissprivateschoolregister.com\/en\/wp-json\/wp\/v2\/users\/1"}],"replies":[{"embeddable":true,"href":"https:\/\/www.swissprivateschoolregister.com\/en\/wp-json\/wp\/v2\/comments?post=1076"}],"version-history":[{"count":0,"href":"https:\/\/www.swissprivateschoolregister.com\/en\/wp-json\/wp\/v2\/pages\/1076\/revisions"}],"wp:attachment":[{"href":"https:\/\/www.swissprivateschoolregister.com\/en\/wp-json\/wp\/v2\/media?parent=1076"}],"curies":[{"name":"wp","href":"https:\/\/api.w.org\/{rel}","templated":true}]}}