{"id":1052,"date":"2024-02-15T16:04:08","date_gmt":"2024-02-15T15:04:08","guid":{"rendered":"https:\/\/www.swissprivateschoolregister.com\/organisation\/"},"modified":"2024-07-22T22:43:15","modified_gmt":"2024-07-22T20:43:15","slug":"organisation","status":"publish","type":"page","link":"https:\/\/www.swissprivateschoolregister.com\/fr\/organisation\/","title":{"rendered":"Organisation"},"content":{"rendered":"\t\t<div data-elementor-type=\"wp-page\" data-elementor-id=\"1052\" class=\"elementor elementor-1052 elementor-132\" data-elementor-post-type=\"page\">\n\t\t\t\t<div class=\"elementor-element elementor-element-b5670bf global--container-spacing e-flex e-con-boxed e-con e-parent\" data-id=\"b5670bf\" data-element_type=\"container\" data-e-type=\"container\">\n\t\t\t\t\t<div class=\"e-con-inner\">\n\t\t\t\t<div class=\"elementor-element elementor-element-a8e25cf elementor-widget elementor-widget-heading\" data-id=\"a8e25cf\" data-element_type=\"widget\" data-e-type=\"widget\" data-widget_type=\"heading.default\">\n\t\t\t\t<div class=\"elementor-widget-container\">\n\t\t\t\t\t<h2 class=\"elementor-heading-title elementor-size-default\">Organisation<\/h2>\t\t\t\t<\/div>\n\t\t\t\t<\/div>\n\t\t\t\t<div class=\"elementor-element elementor-element-225d3e7 elementor-view-default elementor-widget elementor-widget-icon\" data-id=\"225d3e7\" data-element_type=\"widget\" data-e-type=\"widget\" data-widget_type=\"icon.default\">\n\t\t\t\t<div class=\"elementor-widget-container\">\n\t\t\t\t\t\t\t<div class=\"elementor-icon-wrapper\">\n\t\t\t<div class=\"elementor-icon\">\n\t\t\t<svg xmlns=\"http:\/\/www.w3.org\/2000\/svg\" width=\"116\" height=\"6\" viewBox=\"0 0 116 6\" fill=\"none\"><rect y=\"0.000610352\" width=\"6\" height=\"6\" rx=\"3\" fill=\"#6D8EB0\"><\/rect><rect x=\"16\" y=\"0.000610352\" width=\"6\" height=\"6\" rx=\"3\" fill=\"#6D8EB0\"><\/rect><rect x=\"32\" y=\"0.000610352\" width=\"6\" height=\"6\" rx=\"3\" fill=\"#6D8EB0\"><\/rect><rect x=\"48\" y=\"0.000610352\" width=\"6\" height=\"6\" rx=\"3\" fill=\"#6D8EB0\"><\/rect><rect x=\"62\" y=\"0.000610352\" width=\"6\" height=\"6\" rx=\"3\" fill=\"#6D8EB0\"><\/rect><rect x=\"78\" y=\"0.000610352\" width=\"6\" height=\"6\" rx=\"3\" fill=\"#6D8EB0\"><\/rect><rect x=\"94\" y=\"0.000610352\" width=\"6\" height=\"6\" rx=\"3\" fill=\"#6D8EB0\"><\/rect><rect x=\"110\" y=\"0.000610352\" width=\"6\" height=\"6\" rx=\"3\" fill=\"#6D8EB0\"><\/rect><\/svg>\t\t\t<\/div>\n\t\t<\/div>\n\t\t\t\t\t\t<\/div>\n\t\t\t\t<\/div>\n\t\t<div class=\"elementor-element elementor-element-beebb16 global--inner-wrapper-spacing e-flex e-con-boxed e-con e-child\" data-id=\"beebb16\" data-element_type=\"container\" data-e-type=\"container\">\n\t\t\t\t\t<div class=\"e-con-inner\">\n\t\t\t\t<div class=\"elementor-element elementor-element-8b8ef40 elementor-widget elementor-widget-text-editor\" data-id=\"8b8ef40\" data-element_type=\"widget\" data-e-type=\"widget\" data-widget_type=\"text-editor.default\">\n\t\t\t\t<div class=\"elementor-widget-container\">\n\t\t\t\t\t\t\t\t\t<p>Le 28 ao\u00fbt 2006, la <strong>Fondation Registre des \u00e9coles priv\u00e9es en Suisse<\/strong> a \u00e9t\u00e9 cr\u00e9\u00e9e par la F\u00e9d\u00e9ration Suisse des Ecoles Priv\u00e9es (FSEP) et les principales associations \u00e9conomiques suisses. L&rsquo;objectif de cette fondation est de prot\u00e9ger la haute r\u00e9putation de la Suisse en tant que lieu de formation et de ses institutions de formation priv\u00e9es.<\/p>\n<p>Faute de base l\u00e9gale, les \u00e9coles priv\u00e9es suisses ne pouvaient jusqu&rsquo;\u00e0 pr\u00e9sent pas se faire accr\u00e9diter au niveau f\u00e9d\u00e9ral ou cantonal et ainsi attester de leur fiabilit\u00e9. Les associations fondatrices de la fondation ont donc d\u00e9cid\u00e9 de combler cette lacune de la loi de leur propre initiative en cr\u00e9ant un \u00ab\u00a0Registre des \u00e9coles priv\u00e9es en Suisse\u00a0\u00bb. Les associations fa\u00eeti\u00e8res de l&rsquo;\u00e9conomie suisse (Union suisse des arts et m\u00e9tiers usam, Union patronale suisse UPS, economiesuisse, F\u00e9d\u00e9ration des entreprises romandes et Centre Patronal) soutiennent cette intention et conf\u00e8rent \u00e0 l&rsquo;id\u00e9e la cr\u00e9dibilit\u00e9 souhait\u00e9e en prenant la majorit\u00e9 des si\u00e8ges au conseil de fondation.<\/p>\n\t\t\t\t\t\t\t\t<\/div>\n\t\t\t\t<\/div>\n\t\t<div class=\"elementor-element elementor-element-6244764 e-grid e-con-full e-con e-child\" data-id=\"6244764\" data-element_type=\"container\" data-e-type=\"container\">\n\t\t\t\t<div class=\"elementor-element elementor-element-794172d grid-images wide elementor-widget elementor-widget-image\" data-id=\"794172d\" data-element_type=\"widget\" data-e-type=\"widget\" data-widget_type=\"image.default\">\n\t\t\t\t<div class=\"elementor-widget-container\">\n\t\t\t\t\t\t\t\t\t\t\t\t\t\t\t\t<a href=\"https:\/\/www.swiss-schools.ch\/\" target=\"_blank\">\n\t\t\t\t\t\t\t<img fetchpriority=\"high\" decoding=\"async\" width=\"790\" height=\"113\" src=\"https:\/\/www.swissprivateschoolregister.com\/wp-content\/uploads\/2024\/02\/logo_DE_large.png\" class=\"attachment-full size-full wp-image-1017\" alt=\"\" srcset=\"https:\/\/www.swissprivateschoolregister.com\/wp-content\/uploads\/2024\/02\/logo_DE_large.png 790w, https:\/\/www.swissprivateschoolregister.com\/wp-content\/uploads\/2024\/02\/logo_DE_large-300x43.png 300w, https:\/\/www.swissprivateschoolregister.com\/wp-content\/uploads\/2024\/02\/logo_DE_large-768x110.png 768w\" sizes=\"(max-width: 790px) 100vw, 790px\" \/>\t\t\t\t\t\t\t\t<\/a>\n\t\t\t\t\t\t\t\t\t\t\t\t\t\t\t<\/div>\n\t\t\t\t<\/div>\n\t\t\t\t<div class=\"elementor-element elementor-element-3136991 grid-images square elementor-widget elementor-widget-image\" data-id=\"3136991\" data-element_type=\"widget\" data-e-type=\"widget\" data-widget_type=\"image.default\">\n\t\t\t\t<div class=\"elementor-widget-container\">\n\t\t\t\t\t\t\t\t\t\t\t\t\t\t\t<img decoding=\"async\" width=\"1000\" height=\"1000\" src=\"https:\/\/www.swissprivateschoolregister.com\/wp-content\/uploads\/2024\/04\/web_logo_economiesuisse_PNG_RGB_1000x1000_transparent.png\" class=\"attachment-full size-full wp-image-1032\" alt=\"\" srcset=\"https:\/\/www.swissprivateschoolregister.com\/wp-content\/uploads\/2024\/04\/web_logo_economiesuisse_PNG_RGB_1000x1000_transparent.png 1000w, https:\/\/www.swissprivateschoolregister.com\/wp-content\/uploads\/2024\/04\/web_logo_economiesuisse_PNG_RGB_1000x1000_transparent-300x300.png 300w, https:\/\/www.swissprivateschoolregister.com\/wp-content\/uploads\/2024\/04\/web_logo_economiesuisse_PNG_RGB_1000x1000_transparent-150x150.png 150w, https:\/\/www.swissprivateschoolregister.com\/wp-content\/uploads\/2024\/04\/web_logo_economiesuisse_PNG_RGB_1000x1000_transparent-768x768.png 768w\" sizes=\"(max-width: 1000px) 100vw, 1000px\" \/>\t\t\t\t\t\t\t\t\t\t\t\t\t\t\t<\/div>\n\t\t\t\t<\/div>\n\t\t\t\t<div class=\"elementor-element elementor-element-461a444 grid-images elementor-widget elementor-widget-image\" data-id=\"461a444\" data-element_type=\"widget\" data-e-type=\"widget\" data-widget_type=\"image.default\">\n\t\t\t\t<div class=\"elementor-widget-container\">\n\t\t\t\t\t\t\t\t\t\t\t\t\t\t\t<img decoding=\"async\" width=\"1200\" height=\"240\" src=\"https:\/\/www.swissprivateschoolregister.com\/wp-content\/uploads\/2024\/04\/1200px-Sgv_Usam_Logo.svg.png\" class=\"attachment-full size-full wp-image-1038\" alt=\"\" srcset=\"https:\/\/www.swissprivateschoolregister.com\/wp-content\/uploads\/2024\/04\/1200px-Sgv_Usam_Logo.svg.png 1200w, https:\/\/www.swissprivateschoolregister.com\/wp-content\/uploads\/2024\/04\/1200px-Sgv_Usam_Logo.svg-300x60.png 300w, https:\/\/www.swissprivateschoolregister.com\/wp-content\/uploads\/2024\/04\/1200px-Sgv_Usam_Logo.svg-768x154.png 768w\" sizes=\"(max-width: 1200px) 100vw, 1200px\" \/>\t\t\t\t\t\t\t\t\t\t\t\t\t\t\t<\/div>\n\t\t\t\t<\/div>\n\t\t\t\t<div class=\"elementor-element elementor-element-b274552 grid-images elementor-widget elementor-widget-image\" data-id=\"b274552\" data-element_type=\"widget\" data-e-type=\"widget\" data-widget_type=\"image.default\">\n\t\t\t\t<div class=\"elementor-widget-container\">\n\t\t\t\t\t\t\t\t\t\t\t\t\t\t\t<img loading=\"lazy\" decoding=\"async\" width=\"1280\" height=\"510\" src=\"https:\/\/www.swissprivateschoolregister.com\/wp-content\/uploads\/2024\/04\/1280px-Logo_Schweizerischer_Arbeitgeberverband.svg.png\" class=\"attachment-full size-full wp-image-1035\" alt=\"\" srcset=\"https:\/\/www.swissprivateschoolregister.com\/wp-content\/uploads\/2024\/04\/1280px-Logo_Schweizerischer_Arbeitgeberverband.svg.png 1280w, https:\/\/www.swissprivateschoolregister.com\/wp-content\/uploads\/2024\/04\/1280px-Logo_Schweizerischer_Arbeitgeberverband.svg-300x120.png 300w, https:\/\/www.swissprivateschoolregister.com\/wp-content\/uploads\/2024\/04\/1280px-Logo_Schweizerischer_Arbeitgeberverband.svg-768x306.png 768w\" sizes=\"(max-width: 1280px) 100vw, 1280px\" \/>\t\t\t\t\t\t\t\t\t\t\t\t\t\t\t<\/div>\n\t\t\t\t<\/div>\n\t\t\t\t<div class=\"elementor-element elementor-element-3a78de9 grid-images elementor-widget elementor-widget-image\" data-id=\"3a78de9\" data-element_type=\"widget\" data-e-type=\"widget\" data-widget_type=\"image.default\">\n\t\t\t\t<div class=\"elementor-widget-container\">\n\t\t\t\t\t\t\t\t\t\t\t\t\t\t\t<img loading=\"lazy\" decoding=\"async\" width=\"800\" height=\"261\" src=\"https:\/\/www.swissprivateschoolregister.com\/wp-content\/uploads\/2024\/04\/logo-fer-suisse-romande.png\" class=\"attachment-full size-full wp-image-1029\" alt=\"\" srcset=\"https:\/\/www.swissprivateschoolregister.com\/wp-content\/uploads\/2024\/04\/logo-fer-suisse-romande.png 800w, https:\/\/www.swissprivateschoolregister.com\/wp-content\/uploads\/2024\/04\/logo-fer-suisse-romande-300x98.png 300w, https:\/\/www.swissprivateschoolregister.com\/wp-content\/uploads\/2024\/04\/logo-fer-suisse-romande-768x251.png 768w\" sizes=\"(max-width: 800px) 100vw, 800px\" \/>\t\t\t\t\t\t\t\t\t\t\t\t\t\t\t<\/div>\n\t\t\t\t<\/div>\n\t\t\t\t<div class=\"elementor-element elementor-element-e60e659 grid-images elementor-widget elementor-widget-image\" data-id=\"e60e659\" data-element_type=\"widget\" data-e-type=\"widget\" data-widget_type=\"image.default\">\n\t\t\t\t<div class=\"elementor-widget-container\">\n\t\t\t\t\t\t\t\t\t\t\t\t\t\t\t<img loading=\"lazy\" decoding=\"async\" width=\"360\" height=\"144\" src=\"https:\/\/www.swissprivateschoolregister.com\/wp-content\/uploads\/2024\/04\/logo_cp-2.png\" class=\"attachment-full size-full wp-image-1026\" alt=\"\" srcset=\"https:\/\/www.swissprivateschoolregister.com\/wp-content\/uploads\/2024\/04\/logo_cp-2.png 360w, https:\/\/www.swissprivateschoolregister.com\/wp-content\/uploads\/2024\/04\/logo_cp-2-300x120.png 300w\" sizes=\"(max-width: 360px) 100vw, 360px\" \/>\t\t\t\t\t\t\t\t\t\t\t\t\t\t\t<\/div>\n\t\t\t\t<\/div>\n\t\t\t\t<\/div>\n\t\t\t\t\t<\/div>\n\t\t\t\t<\/div>\n\t\t\t\t\t<\/div>\n\t\t\t\t<\/div>\n\t\t<div class=\"elementor-element elementor-element-5c86ec3 global--container-spacing e-flex e-con-boxed e-con e-parent\" data-id=\"5c86ec3\" data-element_type=\"container\" data-e-type=\"container\">\n\t\t\t\t\t<div class=\"e-con-inner\">\n\t\t<div class=\"elementor-element elementor-element-4c9188e e-con-full e-flex e-con e-child\" data-id=\"4c9188e\" data-element_type=\"container\" data-e-type=\"container\">\n\t\t\t\t<div class=\"elementor-element elementor-element-864af42 elementor-widget elementor-widget-heading\" data-id=\"864af42\" data-element_type=\"widget\" data-e-type=\"widget\" data-widget_type=\"heading.default\">\n\t\t\t\t<div class=\"elementor-widget-container\">\n\t\t\t\t\t<h2 class=\"elementor-heading-title elementor-size-default\">But de la fondation<\/h2>\t\t\t\t<\/div>\n\t\t\t\t<\/div>\n\t\t\t\t<div class=\"elementor-element elementor-element-ef2efa6 elementor-view-default elementor-widget elementor-widget-icon\" data-id=\"ef2efa6\" data-element_type=\"widget\" data-e-type=\"widget\" data-widget_type=\"icon.default\">\n\t\t\t\t<div class=\"elementor-widget-container\">\n\t\t\t\t\t\t\t<div class=\"elementor-icon-wrapper\">\n\t\t\t<div class=\"elementor-icon\">\n\t\t\t<svg xmlns=\"http:\/\/www.w3.org\/2000\/svg\" width=\"116\" height=\"6\" viewBox=\"0 0 116 6\" fill=\"none\"><rect y=\"0.000610352\" width=\"6\" height=\"6\" rx=\"3\" fill=\"#6D8EB0\"><\/rect><rect x=\"16\" y=\"0.000610352\" width=\"6\" height=\"6\" rx=\"3\" fill=\"#6D8EB0\"><\/rect><rect x=\"32\" y=\"0.000610352\" width=\"6\" height=\"6\" rx=\"3\" fill=\"#6D8EB0\"><\/rect><rect x=\"48\" y=\"0.000610352\" width=\"6\" height=\"6\" rx=\"3\" fill=\"#6D8EB0\"><\/rect><rect x=\"62\" y=\"0.000610352\" width=\"6\" height=\"6\" rx=\"3\" fill=\"#6D8EB0\"><\/rect><rect x=\"78\" y=\"0.000610352\" width=\"6\" height=\"6\" rx=\"3\" fill=\"#6D8EB0\"><\/rect><rect x=\"94\" y=\"0.000610352\" width=\"6\" height=\"6\" rx=\"3\" fill=\"#6D8EB0\"><\/rect><rect x=\"110\" y=\"0.000610352\" width=\"6\" height=\"6\" rx=\"3\" fill=\"#6D8EB0\"><\/rect><\/svg>\t\t\t<\/div>\n\t\t<\/div>\n\t\t\t\t\t\t<\/div>\n\t\t\t\t<\/div>\n\t\t\t\t<\/div>\n\t\t<div class=\"elementor-element elementor-element-0f33cf8 e-con-full e-grid global--inner-wrapper-spacing e-con e-child\" data-id=\"0f33cf8\" data-element_type=\"container\" data-e-type=\"container\">\n\t\t\t\t<div class=\"elementor-element elementor-element-47755ee elementor-widget elementor-widget-text-editor\" data-id=\"47755ee\" data-element_type=\"widget\" data-e-type=\"widget\" data-widget_type=\"text-editor.default\">\n\t\t\t\t<div class=\"elementor-widget-container\">\n\t\t\t\t\t\t\t\t\t<p><strong>L&rsquo;objectif de la fondation est de cr\u00e9er et de g\u00e9rer un registre des \u00e9coles priv\u00e9es de Suisse,<\/strong> qui atteste du s\u00e9rieux et de la fiabilit\u00e9 des \u00e9coles enregistr\u00e9es et les communique aux milieux int\u00e9ress\u00e9s.<\/p>\n\t\t\t\t\t\t\t\t<\/div>\n\t\t\t\t<\/div>\n\t\t\t\t<div class=\"elementor-element elementor-element-2d32e8c elementor-widget elementor-widget-text-editor\" data-id=\"2d32e8c\" data-element_type=\"widget\" data-e-type=\"widget\" data-widget_type=\"text-editor.default\">\n\t\t\t\t<div class=\"elementor-widget-container\">\n\t\t\t\t\t\t\t\t\t<p>La fondation est au service <strong>des les autorit\u00e9s de migration, le public et les tiers int\u00e9ress\u00e9s<\/strong> par les services d&rsquo;\u00e9ducation comme une importante plate-forme d&rsquo;orientation et d&rsquo;information pour les \u00e9coles priv\u00e9es soucieuses de la qualit\u00e9. <\/p>\n\t\t\t\t\t\t\t\t<\/div>\n\t\t\t\t<\/div>\n\t\t\t\t<div class=\"elementor-element elementor-element-adffcf8 elementor-widget elementor-widget-text-editor\" data-id=\"adffcf8\" data-element_type=\"widget\" data-e-type=\"widget\" data-widget_type=\"text-editor.default\">\n\t\t\t\t<div class=\"elementor-widget-container\">\n\t\t\t\t\t\t\t\t\t<p><strong>Les crit\u00e8res et conditions<\/strong> d&rsquo;inscription au registre sont fix\u00e9s dans un r\u00e8glement s\u00e9par\u00e9.<\/p>\n\t\t\t\t\t\t\t\t<\/div>\n\t\t\t\t<\/div>\n\t\t\t\t<div class=\"elementor-element elementor-element-79f38df elementor-widget elementor-widget-text-editor\" data-id=\"79f38df\" data-element_type=\"widget\" data-e-type=\"widget\" data-widget_type=\"text-editor.default\">\n\t\t\t\t<div class=\"elementor-widget-container\">\n\t\t\t\t\t\t\t\t\t<p>La fondation joue \u00e9galement un r\u00f4le de point de contact et d&rsquo;information vis-\u00e0-vis des \u00e9tudiants nationaux et \u00e9trangers <strong>en cas de probl\u00e8mes avec les \u00e9coles inscrites au registre.<\/strong><\/p>\n\t\t\t\t\t\t\t\t<\/div>\n\t\t\t\t<\/div>\n\t\t\t\t<div class=\"elementor-element elementor-element-aea566f elementor-widget elementor-widget-text-editor\" data-id=\"aea566f\" data-element_type=\"widget\" data-e-type=\"widget\" data-widget_type=\"text-editor.default\">\n\t\t\t\t<div class=\"elementor-widget-container\">\n\t\t\t\t\t\t\t\t\t<p>En outre, la fondation a pour but de <strong>prot\u00e9ger la haute r\u00e9putation de la Suisse en tant que lieu de formation<\/strong> et des institutions de formation priv\u00e9es.<\/p>\n\t\t\t\t\t\t\t\t<\/div>\n\t\t\t\t<\/div>\n\t\t\t\t<div class=\"elementor-element elementor-element-3625a9c elementor-widget elementor-widget-text-editor\" data-id=\"3625a9c\" data-element_type=\"widget\" data-e-type=\"widget\" data-widget_type=\"text-editor.default\">\n\t\t\t\t<div class=\"elementor-widget-container\">\n\t\t\t\t\t\t\t\t\t<p>En tant que <strong>\u00e9cole int\u00e9ress\u00e9e<\/strong>, vous pouvez vous trouverez sur ce site de nombreuses informations sur les conditions d&rsquo;inscription, les avantages d&rsquo;une inscription et d&rsquo;autres aspects importants du Registre des \u00e9coles priv\u00e9es en Suisse, et en tant que <strong>\u00e9l\u00e8ve ou parent<\/strong> vous pouvez v\u00e9rifier si un \u00e9tablissement d&rsquo;enseignement particulier peut \u00eatre consid\u00e9r\u00e9 comme digne de confiance.<\/p>\n\t\t\t\t\t\t\t\t<\/div>\n\t\t\t\t<\/div>\n\t\t\t\t<\/div>\n\t\t\t\t\t<\/div>\n\t\t\t\t<\/div>\n\t\t<div class=\"elementor-element elementor-element-365ab37 global--container-spacing e-flex e-con-boxed e-con e-parent\" data-id=\"365ab37\" data-element_type=\"container\" data-e-type=\"container\">\n\t\t\t\t\t<div class=\"e-con-inner\">\n\t\t\t\t<div class=\"elementor-element elementor-element-d4a004a elementor-widget elementor-widget-heading\" data-id=\"d4a004a\" data-element_type=\"widget\" data-e-type=\"widget\" data-widget_type=\"heading.default\">\n\t\t\t\t<div class=\"elementor-widget-container\">\n\t\t\t\t\t<h2 class=\"elementor-heading-title elementor-size-default\">Conseil de fondation<\/h2>\t\t\t\t<\/div>\n\t\t\t\t<\/div>\n\t\t\t\t<div class=\"elementor-element elementor-element-d702ee6 elementor-view-default elementor-widget elementor-widget-icon\" data-id=\"d702ee6\" data-element_type=\"widget\" data-e-type=\"widget\" data-widget_type=\"icon.default\">\n\t\t\t\t<div class=\"elementor-widget-container\">\n\t\t\t\t\t\t\t<div class=\"elementor-icon-wrapper\">\n\t\t\t<div class=\"elementor-icon\">\n\t\t\t<svg xmlns=\"http:\/\/www.w3.org\/2000\/svg\" width=\"116\" height=\"6\" viewBox=\"0 0 116 6\" fill=\"none\"><rect y=\"0.000610352\" width=\"6\" height=\"6\" rx=\"3\" fill=\"#6D8EB0\"><\/rect><rect x=\"16\" y=\"0.000610352\" width=\"6\" height=\"6\" rx=\"3\" fill=\"#6D8EB0\"><\/rect><rect x=\"32\" y=\"0.000610352\" width=\"6\" height=\"6\" rx=\"3\" fill=\"#6D8EB0\"><\/rect><rect x=\"48\" y=\"0.000610352\" width=\"6\" height=\"6\" rx=\"3\" fill=\"#6D8EB0\"><\/rect><rect x=\"62\" y=\"0.000610352\" width=\"6\" height=\"6\" rx=\"3\" fill=\"#6D8EB0\"><\/rect><rect x=\"78\" y=\"0.000610352\" width=\"6\" height=\"6\" rx=\"3\" fill=\"#6D8EB0\"><\/rect><rect x=\"94\" y=\"0.000610352\" width=\"6\" height=\"6\" rx=\"3\" fill=\"#6D8EB0\"><\/rect><rect x=\"110\" y=\"0.000610352\" width=\"6\" height=\"6\" rx=\"3\" fill=\"#6D8EB0\"><\/rect><\/svg>\t\t\t<\/div>\n\t\t<\/div>\n\t\t\t\t\t\t<\/div>\n\t\t\t\t<\/div>\n\t\t\t\t<div class=\"elementor-element elementor-element-d4dbc9a elementor-widget elementor-widget-text-editor\" data-id=\"d4dbc9a\" data-element_type=\"widget\" data-e-type=\"widget\" data-widget_type=\"text-editor.default\">\n\t\t\t\t<div class=\"elementor-widget-container\">\n\t\t\t\t\t\t\t\t\t<p>Le Conseil de fondation de la fondation Registre des \u00e9coles priv\u00e9es en Suisse se compose comme suit :<\/p>\n<ul>\n<li>Norbert Foerster, repr\u00e9sentant de la F\u00e9d\u00e9ration suisse des \u00e9coles priv\u00e9es<\/li>\n<li>Dieter Kl\u00e4y, repr\u00e9sentant de l&rsquo;Union suisse des arts et m\u00e9tiers (pr\u00e9sident de la fondation)<\/li>\n<li>In\u00e8s Kreuzer, repr\u00e9sentante de la F\u00e9d\u00e9ration des Entreprises Romandes<\/li>\n<li>Olivier Rau, repr\u00e9sentant du Centre Patronal<\/li>\n<\/ul>\n<p>Le conseil de la fondation est charg\u00e9 de l&rsquo;administration et de la haute direction de la fondation. Il dispose de tous les pouvoirs qui ne sont pas express\u00e9ment attribu\u00e9s \u00e0 un autre organe dans l&rsquo;acte de fondation et les r\u00e8glements de la fondation.<\/p>\n\t\t\t\t\t\t\t\t<\/div>\n\t\t\t\t<\/div>\n\t\t\t\t\t<\/div>\n\t\t\t\t<\/div>\n\t\t<div class=\"elementor-element elementor-element-a303fe0 global--container-spacing e-flex e-con-boxed e-con e-parent\" data-id=\"a303fe0\" data-element_type=\"container\" data-e-type=\"container\">\n\t\t\t\t\t<div class=\"e-con-inner\">\n\t\t\t\t<div class=\"elementor-element elementor-element-5704ea9 elementor-widget elementor-widget-heading\" data-id=\"5704ea9\" data-element_type=\"widget\" data-e-type=\"widget\" data-widget_type=\"heading.default\">\n\t\t\t\t<div class=\"elementor-widget-container\">\n\t\t\t\t\t<h2 class=\"elementor-heading-title elementor-size-default\">Autorit\u00e9 de contr\u00f4le<\/h2>\t\t\t\t<\/div>\n\t\t\t\t<\/div>\n\t\t\t\t<div class=\"elementor-element elementor-element-9c67fad elementor-view-default elementor-widget elementor-widget-icon\" data-id=\"9c67fad\" data-element_type=\"widget\" data-e-type=\"widget\" data-widget_type=\"icon.default\">\n\t\t\t\t<div class=\"elementor-widget-container\">\n\t\t\t\t\t\t\t<div class=\"elementor-icon-wrapper\">\n\t\t\t<div class=\"elementor-icon\">\n\t\t\t<svg xmlns=\"http:\/\/www.w3.org\/2000\/svg\" width=\"116\" height=\"6\" viewBox=\"0 0 116 6\" fill=\"none\"><rect y=\"0.000610352\" width=\"6\" height=\"6\" rx=\"3\" fill=\"#6D8EB0\"><\/rect><rect x=\"16\" y=\"0.000610352\" width=\"6\" height=\"6\" rx=\"3\" fill=\"#6D8EB0\"><\/rect><rect x=\"32\" y=\"0.000610352\" width=\"6\" height=\"6\" rx=\"3\" fill=\"#6D8EB0\"><\/rect><rect x=\"48\" y=\"0.000610352\" width=\"6\" height=\"6\" rx=\"3\" fill=\"#6D8EB0\"><\/rect><rect x=\"62\" y=\"0.000610352\" width=\"6\" height=\"6\" rx=\"3\" fill=\"#6D8EB0\"><\/rect><rect x=\"78\" y=\"0.000610352\" width=\"6\" height=\"6\" rx=\"3\" fill=\"#6D8EB0\"><\/rect><rect x=\"94\" y=\"0.000610352\" width=\"6\" height=\"6\" rx=\"3\" fill=\"#6D8EB0\"><\/rect><rect x=\"110\" y=\"0.000610352\" width=\"6\" height=\"6\" rx=\"3\" fill=\"#6D8EB0\"><\/rect><\/svg>\t\t\t<\/div>\n\t\t<\/div>\n\t\t\t\t\t\t<\/div>\n\t\t\t\t<\/div>\n\t\t<div class=\"elementor-element elementor-element-6ad5cbf e-con-full global--inner-wrapper-spacing e-flex e-con e-child\" data-id=\"6ad5cbf\" data-element_type=\"container\" data-e-type=\"container\">\n\t\t\t\t<div class=\"elementor-element elementor-element-7d8a485 elementor-widget elementor-widget-image\" data-id=\"7d8a485\" data-element_type=\"widget\" data-e-type=\"widget\" data-widget_type=\"image.default\">\n\t\t\t\t<div class=\"elementor-widget-container\">\n\t\t\t\t\t\t\t\t\t\t\t\t\t\t\t<img loading=\"lazy\" decoding=\"async\" width=\"459\" height=\"115\" src=\"https:\/\/www.swissprivateschoolregister.com\/wp-content\/uploads\/2024\/02\/logo.png\" class=\"attachment-full size-full wp-image-1023\" alt=\"\" srcset=\"https:\/\/www.swissprivateschoolregister.com\/wp-content\/uploads\/2024\/02\/logo.png 459w, https:\/\/www.swissprivateschoolregister.com\/wp-content\/uploads\/2024\/02\/logo-300x75.png 300w\" sizes=\"(max-width: 459px) 100vw, 459px\" \/>\t\t\t\t\t\t\t\t\t\t\t\t\t\t\t<\/div>\n\t\t\t\t<\/div>\n\t\t\t\t<div class=\"elementor-element elementor-element-2e2aedc elementor-widget elementor-widget-text-editor\" data-id=\"2e2aedc\" data-element_type=\"widget\" data-e-type=\"widget\" data-widget_type=\"text-editor.default\">\n\t\t\t\t<div class=\"elementor-widget-container\">\n\t\t\t\t\t\t\t\t\t<p>La fondation Registre des \u00e9coles priv\u00e9es en Suisse est plac\u00e9e sous la surveillance du D\u00e9partement f\u00e9d\u00e9ral de l&rsquo;int\u00e9rieur (DFI).<\/p>\n<p><strong>Adresse :<\/strong><br \/>Autorit\u00e9 f\u00e9d\u00e9rale de surveillance des fondations<br \/>Case postale<br \/>1211 Gen\u00e8ve 26<\/p>\n<p>T\u00e9l. +41 58 469 00 00<br \/>stiftungsaufsicht@gs-edi.admin.ch<br \/><a href=\"https:\/\/www.edi.admin.ch\/edi\/de\/home\/fachstellen\/eidgenoessische-stiftungsaufsicht.html\">www.stiftungsaufsicht.ch<\/a><\/p>\n\t\t\t\t\t\t\t\t<\/div>\n\t\t\t\t<\/div>\n\t\t\t\t<\/div>\n\t\t\t\t\t<\/div>\n\t\t\t\t<\/div>\n\t\t\t\t<\/div>\n\t\t","protected":false},"excerpt":{"rendered":"<p>Organisation Le 28 ao\u00fbt 2006, la Fondation Registre des \u00e9coles priv\u00e9es en Suisse a \u00e9t\u00e9 cr\u00e9\u00e9e par la F\u00e9d\u00e9ration Suisse des Ecoles Priv\u00e9es (FSEP) et les principales associations \u00e9conomiques suisses. L&rsquo;objectif de cette fondation est de prot\u00e9ger la haute r\u00e9putation de la Suisse en tant que lieu de formation et de ses institutions de formation [&hellip;]<\/p>\n","protected":false},"author":1,"featured_media":0,"parent":0,"menu_order":0,"comment_status":"closed","ping_status":"closed","template":"","meta":{"_acf_changed":false,"footnotes":""},"class_list":["post-1052","page","type-page","status-publish","hentry"],"acf":[],"yoast_head":"<!-- This site is optimized with the Yoast SEO plugin v27.4 - https:\/\/yoast.com\/product\/yoast-seo-wordpress\/ -->\n<title>Organisation<\/title>\n<meta name=\"robots\" content=\"index, follow, max-snippet:-1, max-image-preview:large, max-video-preview:-1\" \/>\n<link rel=\"canonical\" href=\"https:\/\/www.swissprivateschoolregister.com\/fr\/organisation\/\" \/>\n<meta property=\"og:locale\" content=\"fr_FR\" \/>\n<meta property=\"og:type\" content=\"article\" \/>\n<meta property=\"og:title\" content=\"Organisation\" \/>\n<meta property=\"og:description\" content=\"Organisation Le 28 ao\u00fbt 2006, la Fondation Registre des \u00e9coles priv\u00e9es en Suisse a \u00e9t\u00e9 cr\u00e9\u00e9e par la F\u00e9d\u00e9ration Suisse des Ecoles Priv\u00e9es (FSEP) et les principales associations \u00e9conomiques suisses. L&rsquo;objectif de cette fondation est de prot\u00e9ger la haute r\u00e9putation de la Suisse en tant que lieu de formation et de ses institutions de formation [&hellip;]\" \/>\n<meta property=\"og:url\" content=\"https:\/\/www.swissprivateschoolregister.com\/fr\/organisation\/\" \/>\n<meta property=\"og:site_name\" content=\"Privatschulregister Schweiz\" \/>\n<meta property=\"article:modified_time\" content=\"2024-07-22T20:43:15+00:00\" \/>\n<meta property=\"og:image\" content=\"https:\/\/www.swissprivateschoolregister.com\/wp-content\/uploads\/2024\/02\/logo_DE_large.png\" \/>\n<meta name=\"twitter:card\" content=\"summary_large_image\" \/>\n<meta name=\"twitter:label1\" content=\"Dur\u00e9e de lecture estim\u00e9e\" \/>\n\t<meta name=\"twitter:data1\" content=\"3 minutes\" \/>\n<script type=\"application\/ld+json\" class=\"yoast-schema-graph\">{\"@context\":\"https:\\\/\\\/schema.org\",\"@graph\":[{\"@type\":\"WebPage\",\"@id\":\"https:\\\/\\\/www.swissprivateschoolregister.com\\\/fr\\\/organisation\\\/\",\"url\":\"https:\\\/\\\/www.swissprivateschoolregister.com\\\/fr\\\/organisation\\\/\",\"name\":\"Organisation\",\"isPartOf\":{\"@id\":\"https:\\\/\\\/www.swissprivateschoolregister.com\\\/fr\\\/#website\"},\"primaryImageOfPage\":{\"@id\":\"https:\\\/\\\/www.swissprivateschoolregister.com\\\/fr\\\/organisation\\\/#primaryimage\"},\"image\":{\"@id\":\"https:\\\/\\\/www.swissprivateschoolregister.com\\\/fr\\\/organisation\\\/#primaryimage\"},\"thumbnailUrl\":\"https:\\\/\\\/www.swissprivateschoolregister.com\\\/wp-content\\\/uploads\\\/2024\\\/02\\\/logo_DE_large.png\",\"datePublished\":\"2024-02-15T15:04:08+00:00\",\"dateModified\":\"2024-07-22T20:43:15+00:00\",\"breadcrumb\":{\"@id\":\"https:\\\/\\\/www.swissprivateschoolregister.com\\\/fr\\\/organisation\\\/#breadcrumb\"},\"inLanguage\":\"fr-FR\",\"potentialAction\":[{\"@type\":\"ReadAction\",\"target\":[\"https:\\\/\\\/www.swissprivateschoolregister.com\\\/fr\\\/organisation\\\/\"]}]},{\"@type\":\"ImageObject\",\"inLanguage\":\"fr-FR\",\"@id\":\"https:\\\/\\\/www.swissprivateschoolregister.com\\\/fr\\\/organisation\\\/#primaryimage\",\"url\":\"https:\\\/\\\/www.swissprivateschoolregister.com\\\/wp-content\\\/uploads\\\/2024\\\/02\\\/logo_DE_large.png\",\"contentUrl\":\"https:\\\/\\\/www.swissprivateschoolregister.com\\\/wp-content\\\/uploads\\\/2024\\\/02\\\/logo_DE_large.png\"},{\"@type\":\"BreadcrumbList\",\"@id\":\"https:\\\/\\\/www.swissprivateschoolregister.com\\\/fr\\\/organisation\\\/#breadcrumb\",\"itemListElement\":[{\"@type\":\"ListItem\",\"position\":1,\"name\":\"Home\",\"item\":\"https:\\\/\\\/www.swissprivateschoolregister.com\\\/fr\\\/home-page-daccueil\\\/\"},{\"@type\":\"ListItem\",\"position\":2,\"name\":\"Organisation\"}]},{\"@type\":\"WebSite\",\"@id\":\"https:\\\/\\\/www.swissprivateschoolregister.com\\\/fr\\\/#website\",\"url\":\"https:\\\/\\\/www.swissprivateschoolregister.com\\\/fr\\\/\",\"name\":\"Privatschulregister Schweiz\",\"description\":\"\",\"publisher\":{\"@id\":\"https:\\\/\\\/www.swissprivateschoolregister.com\\\/fr\\\/#organization\"},\"potentialAction\":[{\"@type\":\"SearchAction\",\"target\":{\"@type\":\"EntryPoint\",\"urlTemplate\":\"https:\\\/\\\/www.swissprivateschoolregister.com\\\/fr\\\/?s={search_term_string}\"},\"query-input\":{\"@type\":\"PropertyValueSpecification\",\"valueRequired\":true,\"valueName\":\"search_term_string\"}}],\"inLanguage\":\"fr-FR\"},{\"@type\":\"Organization\",\"@id\":\"https:\\\/\\\/www.swissprivateschoolregister.com\\\/fr\\\/#organization\",\"name\":\"Privatschulregister Schweiz\",\"url\":\"https:\\\/\\\/www.swissprivateschoolregister.com\\\/fr\\\/\",\"logo\":{\"@type\":\"ImageObject\",\"inLanguage\":\"fr-FR\",\"@id\":\"https:\\\/\\\/www.swissprivateschoolregister.com\\\/fr\\\/#\\\/schema\\\/logo\\\/image\\\/\",\"url\":\"https:\\\/\\\/www.swissprivateschoolregister.com\\\/wp-content\\\/uploads\\\/2024\\\/02\\\/Logo-PSR_vektorisiert.png\",\"contentUrl\":\"https:\\\/\\\/www.swissprivateschoolregister.com\\\/wp-content\\\/uploads\\\/2024\\\/02\\\/Logo-PSR_vektorisiert.png\",\"width\":420,\"height\":298,\"caption\":\"Privatschulregister Schweiz\"},\"image\":{\"@id\":\"https:\\\/\\\/www.swissprivateschoolregister.com\\\/fr\\\/#\\\/schema\\\/logo\\\/image\\\/\"}}]}<\/script>\n<!-- \/ Yoast SEO plugin. -->","yoast_head_json":{"title":"Organisation","robots":{"index":"index","follow":"follow","max-snippet":"max-snippet:-1","max-image-preview":"max-image-preview:large","max-video-preview":"max-video-preview:-1"},"canonical":"https:\/\/www.swissprivateschoolregister.com\/fr\/organisation\/","og_locale":"fr_FR","og_type":"article","og_title":"Organisation","og_description":"Organisation Le 28 ao\u00fbt 2006, la Fondation Registre des \u00e9coles priv\u00e9es en Suisse a \u00e9t\u00e9 cr\u00e9\u00e9e par la F\u00e9d\u00e9ration Suisse des Ecoles Priv\u00e9es (FSEP) et les principales associations \u00e9conomiques suisses. L&rsquo;objectif de cette fondation est de prot\u00e9ger la haute r\u00e9putation de la Suisse en tant que lieu de formation et de ses institutions de formation [&hellip;]","og_url":"https:\/\/www.swissprivateschoolregister.com\/fr\/organisation\/","og_site_name":"Privatschulregister Schweiz","article_modified_time":"2024-07-22T20:43:15+00:00","og_image":[{"url":"https:\/\/www.swissprivateschoolregister.com\/wp-content\/uploads\/2024\/02\/logo_DE_large.png","type":"","width":"","height":""}],"twitter_card":"summary_large_image","twitter_misc":{"Dur\u00e9e de lecture estim\u00e9e":"3 minutes"},"schema":{"@context":"https:\/\/schema.org","@graph":[{"@type":"WebPage","@id":"https:\/\/www.swissprivateschoolregister.com\/fr\/organisation\/","url":"https:\/\/www.swissprivateschoolregister.com\/fr\/organisation\/","name":"Organisation","isPartOf":{"@id":"https:\/\/www.swissprivateschoolregister.com\/fr\/#website"},"primaryImageOfPage":{"@id":"https:\/\/www.swissprivateschoolregister.com\/fr\/organisation\/#primaryimage"},"image":{"@id":"https:\/\/www.swissprivateschoolregister.com\/fr\/organisation\/#primaryimage"},"thumbnailUrl":"https:\/\/www.swissprivateschoolregister.com\/wp-content\/uploads\/2024\/02\/logo_DE_large.png","datePublished":"2024-02-15T15:04:08+00:00","dateModified":"2024-07-22T20:43:15+00:00","breadcrumb":{"@id":"https:\/\/www.swissprivateschoolregister.com\/fr\/organisation\/#breadcrumb"},"inLanguage":"fr-FR","potentialAction":[{"@type":"ReadAction","target":["https:\/\/www.swissprivateschoolregister.com\/fr\/organisation\/"]}]},{"@type":"ImageObject","inLanguage":"fr-FR","@id":"https:\/\/www.swissprivateschoolregister.com\/fr\/organisation\/#primaryimage","url":"https:\/\/www.swissprivateschoolregister.com\/wp-content\/uploads\/2024\/02\/logo_DE_large.png","contentUrl":"https:\/\/www.swissprivateschoolregister.com\/wp-content\/uploads\/2024\/02\/logo_DE_large.png"},{"@type":"BreadcrumbList","@id":"https:\/\/www.swissprivateschoolregister.com\/fr\/organisation\/#breadcrumb","itemListElement":[{"@type":"ListItem","position":1,"name":"Home","item":"https:\/\/www.swissprivateschoolregister.com\/fr\/home-page-daccueil\/"},{"@type":"ListItem","position":2,"name":"Organisation"}]},{"@type":"WebSite","@id":"https:\/\/www.swissprivateschoolregister.com\/fr\/#website","url":"https:\/\/www.swissprivateschoolregister.com\/fr\/","name":"Privatschulregister Schweiz","description":"","publisher":{"@id":"https:\/\/www.swissprivateschoolregister.com\/fr\/#organization"},"potentialAction":[{"@type":"SearchAction","target":{"@type":"EntryPoint","urlTemplate":"https:\/\/www.swissprivateschoolregister.com\/fr\/?s={search_term_string}"},"query-input":{"@type":"PropertyValueSpecification","valueRequired":true,"valueName":"search_term_string"}}],"inLanguage":"fr-FR"},{"@type":"Organization","@id":"https:\/\/www.swissprivateschoolregister.com\/fr\/#organization","name":"Privatschulregister Schweiz","url":"https:\/\/www.swissprivateschoolregister.com\/fr\/","logo":{"@type":"ImageObject","inLanguage":"fr-FR","@id":"https:\/\/www.swissprivateschoolregister.com\/fr\/#\/schema\/logo\/image\/","url":"https:\/\/www.swissprivateschoolregister.com\/wp-content\/uploads\/2024\/02\/Logo-PSR_vektorisiert.png","contentUrl":"https:\/\/www.swissprivateschoolregister.com\/wp-content\/uploads\/2024\/02\/Logo-PSR_vektorisiert.png","width":420,"height":298,"caption":"Privatschulregister Schweiz"},"image":{"@id":"https:\/\/www.swissprivateschoolregister.com\/fr\/#\/schema\/logo\/image\/"}}]}},"_links":{"self":[{"href":"https:\/\/www.swissprivateschoolregister.com\/fr\/wp-json\/wp\/v2\/pages\/1052","targetHints":{"allow":["GET"]}}],"collection":[{"href":"https:\/\/www.swissprivateschoolregister.com\/fr\/wp-json\/wp\/v2\/pages"}],"about":[{"href":"https:\/\/www.swissprivateschoolregister.com\/fr\/wp-json\/wp\/v2\/types\/page"}],"author":[{"embeddable":true,"href":"https:\/\/www.swissprivateschoolregister.com\/fr\/wp-json\/wp\/v2\/users\/1"}],"replies":[{"embeddable":true,"href":"https:\/\/www.swissprivateschoolregister.com\/fr\/wp-json\/wp\/v2\/comments?post=1052"}],"version-history":[{"count":0,"href":"https:\/\/www.swissprivateschoolregister.com\/fr\/wp-json\/wp\/v2\/pages\/1052\/revisions"}],"wp:attachment":[{"href":"https:\/\/www.swissprivateschoolregister.com\/fr\/wp-json\/wp\/v2\/media?parent=1052"}],"curies":[{"name":"wp","href":"https:\/\/api.w.org\/{rel}","templated":true}]}}